{"id":504,"date":"2022-12-08T16:51:41","date_gmt":"2022-12-08T15:51:41","guid":{"rendered":"https:\/\/www.labergerieduval.com\/?page_id=504"},"modified":"2026-01-30T08:42:33","modified_gmt":"2026-01-30T07:42:33","slug":"gite-depaysement-nature-et-confort","status":"publish","type":"page","link":"https:\/\/www.labergerieduval.com\/index.php\/gite-depaysement-nature-et-confort\/","title":{"rendered":"Gite 85m2 Depaysement Nature et Confort"},"content":{"rendered":"<p>Les atouts de La Bergerie du Val sont avant tout le calme et le confort.<\/p>\n<p>Ce g\u00eete est id\u00e9alement situ\u00e9 dans une vall\u00e9e pr\u00e9serv\u00e9e et sauvage dans la Dr\u00f4me Proven\u00e7ale proche de La Motte-Chalancon sur la petite commune pittoresque de Chalancon.<\/p>\n<p>L&#8217;emplacement est id\u00e9al pour vos vacances, sa situation vous permet de rayonner facilement sur la r\u00e9gion.<\/p>\n<p>La Bergerie du Val se trouve dans une propri\u00e9t\u00e9 de 11 hectares o\u00f9 vous pourrez vous ressourcer au milieu des plantes aromatiques, la lavande sauvage et les pins.<\/p>\n<style type=\"text\/css\">.easingslider-551 { max-width: 640px; }.easingslider-551 .easingslider-image { max-height: 400px; max-width: 640px; }.easingslider-551 .easingslider-fade-in, .easingslider-fade-out { -webkit-animation-duration: 400ms; -moz-animation-duration: 400ms; animation-duration: 400ms; }<\/style><script type=\"text\/javascript\">window.EasingSlider551 = {\"width\":640,\"height\":400,\"singleItem\":true,\"items\":1,\"itemsDesktop\":false,\"itemsDesktopSmall\":false,\"itemsTablet\":false,\"itemsTabletSmall\":false,\"itemsMobile\":false,\"responsive\":true,\"lazyLoad\":true,\"autoPlay\":4000,\"slideSpeed\":400,\"navigation\":true,\"navigationText\":[\"\",\"\"],\"pagination\":true,\"autoHeight\":false,\"mouseDrag\":false,\"touchDrag\":false,\"addClassActive\":true,\"transitionStyle\":\"fade\"};<\/script><div data-id=\"551\" class=\"easingslider easingslider-551 easingslider-container easingslider-resizing-enabled easingslider-aspect-ratio easingslider-arrows-inside easingslider-pagination-inside easingslider-pagination-bottom-center\"><div class=\"easingslider-slide\"><img src=\"https:\/\/www.labergerieduval.com\/wp-content\/plugins\/easing-slider\/assets\/images\/placeholder-pixel.png\" data-src=\"https:\/\/www.labergerieduval.com\/wp-content\/uploads\/2023\/02\/20230219_142859-scaled-640x400.jpg\" alt=\"\" title=\"\" class=\"easingslider-image easingslider-lazy\" \/><\/div><div class=\"easingslider-slide\"><img src=\"https:\/\/www.labergerieduval.com\/wp-content\/plugins\/easing-slider\/assets\/images\/placeholder-pixel.png\" data-src=\"https:\/\/www.labergerieduval.com\/wp-content\/uploads\/2023\/02\/20230219_101403-scaled-640x400.jpg\" alt=\"\" title=\"\" class=\"easingslider-image easingslider-lazy\" \/><\/div><div class=\"easingslider-slide\"><img src=\"https:\/\/www.labergerieduval.com\/wp-content\/plugins\/easing-slider\/assets\/images\/placeholder-pixel.png\" data-src=\"https:\/\/www.labergerieduval.com\/wp-content\/uploads\/2023\/02\/20230219_101840-scaled-640x400.jpg\" alt=\"\" title=\"\" class=\"easingslider-image easingslider-lazy\" \/><\/div><div class=\"easingslider-slide\"><img src=\"https:\/\/www.labergerieduval.com\/wp-content\/plugins\/easing-slider\/assets\/images\/placeholder-pixel.png\" data-src=\"https:\/\/www.labergerieduval.com\/wp-content\/uploads\/2023\/02\/20230219_143003-scaled-640x400.jpg\" alt=\"\" title=\"\" class=\"easingslider-image easingslider-lazy\" \/><\/div><div class=\"easingslider-slide\"><img src=\"https:\/\/www.labergerieduval.com\/wp-content\/plugins\/easing-slider\/assets\/images\/placeholder-pixel.png\" data-src=\"https:\/\/www.labergerieduval.com\/wp-content\/uploads\/2023\/02\/20230219_143052-scaled-640x400.jpg\" alt=\"\" title=\"\" class=\"easingslider-image easingslider-lazy\" \/><\/div><div class=\"easingslider-slide\"><img src=\"https:\/\/www.labergerieduval.com\/wp-content\/plugins\/easing-slider\/assets\/images\/placeholder-pixel.png\" data-src=\"https:\/\/www.labergerieduval.com\/wp-content\/uploads\/2023\/02\/20230219_143203-scaled-640x400.jpg\" alt=\"\" title=\"\" class=\"easingslider-image easingslider-lazy\" \/><\/div><div class=\"easingslider-slide\"><img src=\"https:\/\/www.labergerieduval.com\/wp-content\/plugins\/easing-slider\/assets\/images\/placeholder-pixel.png\" data-src=\"https:\/\/www.labergerieduval.com\/wp-content\/uploads\/2023\/05\/20230515_150225-scaled-640x400.jpg\" alt=\"\" title=\"\" class=\"easingslider-image easingslider-lazy\" \/><\/div><\/div>\n<p><strong>Le logement<\/strong><\/p>\n<p>Vous serez \u00e0 coup s\u00fbr s\u00e9duit par notre charmant g\u00eete de 85m2 enti\u00e8rement refait \u00e0 neuf pouvant accueillir 4 personnes.<\/p>\n<p>Id\u00e9alement situ\u00e9 en moyenne montagne \u00e0 950m d\u2019altitude. Vous trouverez \u00e0 7 kilom\u00e8tres dans la ville de La Motte-Chalancon, \u00a0tous les commerces et restaurants dont vous pouvez avoir besoin.<\/p>\n<p>Que ce soit pour se reposer ou pour d\u00e9couvrir la r\u00e9gion ce cocon douillet est le lieu id\u00e9al. Nous avons essay\u00e9 de penser \u00e0 tout pour votre s\u00e9jour.<\/p>\n<p><strong>Pratique :<\/strong><\/p>\n<p>&#8211; Avant votre arriv\u00e9e, nous vous envoyons notre guide personnel pour pr\u00e9parer au mieux votre visite, il retrace tous les aspects pratiques de votre s\u00e9jour (logement, commerces, bars restaurants, urgences&#8230;) ainsi qu&rsquo;un itin\u00e9raire conseill\u00e9 pour ne pas louper les \u00ab\u00a0essentiels\u00a0\u00bb de la r\u00e9gion.<\/p>\n<p>&#8211; Le guide de bienvenue disponible dans votre logement.<\/p>\n<p>&#8211; Bons plans pour profiter du coin (Lieux et activit\u00e9s \u00e0 ne pas manquer, march\u00e9s, randonn\u00e9es\u2026)<\/p>\n<p>&#8211; Arriv\u00e9e entre 17h et 21h<\/p>\n<p>&#8211; D\u00e9part avant 11H00<\/p>\n<p><strong>Confort :<\/strong><\/p>\n<p>&#8211; Cuisine \u00e9quip\u00e9e pour cuisiner de bons petits plats (Micro-ondes, four grill, cafeti\u00e8re, grille-pain, bouilloire, plaques de cuisson, casseroles, vaisselle&#8230;) et fournie (sel, poivre, huile,&#8230;)<\/p>\n<p>&#8211; Terrasse ext\u00e9rieure avec bancs, table, barbecue, parasol et transats.<\/p>\n<p>&#8211; N\u00e9cessaire de toilette , produits de douche, s\u00e8che-cheveux.<\/p>\n<p>&#8211; Wifi<\/p>\n<p>&#8211; TV avec TNT<\/p>\n<p>&#8211; Table de Repas avec banc et chaises<\/p>\n<p>&#8211; Lave-vaisselle<\/p>\n<p>&#8211; 2 chambres (1 : 1 Lit Double 140 cm\u00a0 \/ 2: 1 lit 140 cm + 1 Lit Simple),<\/p>\n<p>&#8211; 1 lit b\u00e9b\u00e9 sur demande<\/p>\n<p>&#8211; Salle de bains avec douche \u00e0 l\u2019italienne et wc<\/p>\n<p>&#8211; Lave-linge dans l\u2019espace commun<\/p>\n<p>&#8211; Table et fer \u00e0 repasser dans l\u2019espace commun<\/p>\n<p>&nbsp;<\/p>\n<p><strong>Prix\u00a0<\/strong><\/p>\n<p>Ouverture de fin mars \u00e0 d\u00e9but novembre<\/p>\n<p>Semaine : 490\u20ac (avril\/mai\/juin\/septembre\/octobre)<\/p>\n<p>S\u00e9jour du samedi au samedi en juillet aout<\/p>\n<p>Semaine du 4 au 11\u00a0 juillet 2026 au matin : 590\u20ac<\/p>\n<p>Semaine du 11 07 26 jusqu&rsquo;au 29 08 26 au matin : 690\u20ac<\/p>\n<p>Semaine du 29 08 2026 : 590\u20ac<\/p>\n<p>2 semaines : r\u00e9duction 50\u20ac<\/p>\n<p>S\u00e9jour 3 nuits minimum : 310 \u20ac ( juillet\/aout location semaine obligatoire)<\/p>\n<p>De la 4eme \u00e0 la 6eme nuit : 50\u20ac par nuit suppl\u00e9mentaire<\/p>\n<p><img decoding=\"async\" loading=\"lazy\" class=\"alignnone size-full wp-image-583\" src=\"https:\/\/www.labergerieduval.com\/wp-content\/uploads\/2026\/01\/calendrier-2026-dispo-gite-scaled.jpg\" alt=\"\" width=\"2560\" height=\"1811\" srcset=\"https:\/\/www.labergerieduval.com\/wp-content\/uploads\/2026\/01\/calendrier-2026-dispo-gite-scaled.jpg 2560w, https:\/\/www.labergerieduval.com\/wp-content\/uploads\/2026\/01\/calendrier-2026-dispo-gite-300x212.jpg 300w, https:\/\/www.labergerieduval.com\/wp-content\/uploads\/2026\/01\/calendrier-2026-dispo-gite-1024x724.jpg 1024w, https:\/\/www.labergerieduval.com\/wp-content\/uploads\/2026\/01\/calendrier-2026-dispo-gite-768x543.jpg 768w, https:\/\/www.labergerieduval.com\/wp-content\/uploads\/2026\/01\/calendrier-2026-dispo-gite-1536x1086.jpg 1536w, https:\/\/www.labergerieduval.com\/wp-content\/uploads\/2026\/01\/calendrier-2026-dispo-gite-2048x1448.jpg 2048w, https:\/\/www.labergerieduval.com\/wp-content\/uploads\/2026\/01\/calendrier-2026-dispo-gite-676x478.jpg 676w\" sizes=\"(max-width: 2560px) 100vw, 2560px\" \/><\/p>\n<p><strong>Acc\u00e8s des voyageurs<\/strong><\/p>\n<p><strong>Situation G\u00e9ographique :<\/strong><\/p>\n<p>A 7 kilom\u00e8tres de La Motte-Chalancon, La Bergerie du Val est situ\u00e9e aux Bertrands \u00e0 Chalancon, vous passerez un col pour arriver dans la vall\u00e9e qui est une impasse.<\/p>\n<p>A 3 mn, vous profiterez de la via ferrata Le Pas de l\u2019Echelle, La Bergerie se situe \u00e9galement sur un sentier de randonn\u00e9e et de VTT.<\/p>\n<p>Le march\u00e9 de la Motte-Chalancon, le lundi matin vous permettra d\u2019\u00e9veiller vos papilles.<\/p>\n<p>Si vous aimez les baignades, le plan d\u2019eau du Pas des Ondes \u00e0 10 mn en voiture et la vall\u00e9e de la Roanne vous raviront.<\/p>\n<p>De nombreuses autres activit\u00e9s comme l\u2019escalade, la g\u00e9ologie, l\u2019observation des vautours, le canyoning et l\u2019\u00e9quitation sont pr\u00e9sentes \u00e0 proximit\u00e9 de la Bergerie du Val pour votre plus grand plaisir.<\/p>\n<p>Des villes touristiques comme Nyons et Die sont \u00e0 moins d\u2019une heure en voiture et m\u00e9ritent une visite.<\/p>\n<p>&nbsp;<\/p>\n<p><strong>Stationnement\u00a0<\/strong><\/p>\n<p>&#8211; Stationnement sur place<\/p>\n<p>&nbsp;<\/p>\n<p><strong>Acc\u00e8s des voyageurs<\/strong><\/p>\n<p>L&rsquo;ensemble du g\u00eete et de la terrasse, jardin<\/p>\n<p>La Bergerie du Val est un b\u00e2timent rectangulaire de 50 m\u00e8tres de long, le g\u00eete est situ\u00e9 \u00e0 l\u2019extr\u00e9mit\u00e9 oppos\u00e9e de notre habitation et s\u00e9par\u00e9 par une grange ce qui assure une vraie tranquillit\u00e9 r\u00e9ciproque.<\/p>\n<p>La yourte est sur la bas du terrain ce qui permet \u00e0 chacun d&rsquo;avoir son espace en toute intimit\u00e9.<\/p>\n<p>&nbsp;<\/p>\n<p><strong>\u00c9changes avec les voyageurs<\/strong><\/p>\n<p>Nous serons ravis de vous accueillir et nous vous conseillerons les meilleures adresses pour vous divertir.<\/p>\n<p>Nous parlons anglais.<\/p>\n<p>&nbsp;<\/p>\n<p><strong>R\u00e8glement int\u00e9rieur <\/strong><\/p>\n<p>Non-fumeur<\/p>\n<p>2 Animaux maximum accept\u00e9s sur demande sans suppl\u00e9ment, propri\u00e9t\u00e9 non cl\u00f4tur\u00e9e<\/p>\n<p>Pas de f\u00eate ni de soir\u00e9e<\/p>\n<p>L&rsquo;entr\u00e9e dans les lieux se fait entre 17:00 et 21:00<\/p>\n<p>S\u00e9jour minimum de 7 nuits en juillet et aout, 3 nuits le reste de l\u2019ann\u00e9e<\/p>\n<p>Ferm\u00e9 de novembre \u00e0 fin mars<\/p>\n<p>&nbsp;<\/p>\n<p>&nbsp;<\/p>\n","protected":false},"excerpt":{"rendered":"<p>Les atouts de La Bergerie du Val sont avant tout le calme et le confort. Ce g\u00eete est id\u00e9alement situ\u00e9 dans une vall\u00e9e pr\u00e9serv\u00e9e et sauvage dans la Dr\u00f4me Proven\u00e7ale proche de La Motte-Chalancon sur la petite commune pittoresque de Chalancon. L&#8217;emplacement est id\u00e9al pour vos vacances, sa situation vous permet de rayonner facilement sur [&hellip;]<\/p>\n","protected":false},"author":1,"featured_media":0,"parent":0,"menu_order":0,"comment_status":"closed","ping_status":"closed","template":"","meta":{"_mi_skip_tracking":false},"yoast_head":"<!-- This site is optimized with the Yoast SEO plugin v19.11 - https:\/\/yoast.com\/wordpress\/plugins\/seo\/ -->\n<title>Gite 85m2 Depaysement Nature et Confort -<\/title>\n<meta name=\"description\" content=\"Vous serez \u00e0 coup s\u00fbr s\u00e9duit par notre charmant g\u00eete de 85m2 enti\u00e8rement refait \u00e0 neuf pouvant accueillir 4 personnes. Id\u00e9alement situ\u00e9 en moyenne montagne \u00e0 950m d\u2019altitude. Vous trouverez \u00e0 7 kilom\u00e8tres dans la ville de La Motte-Chalancon, \u00a0tous les commerces et restaurants dont vous pouvez avoir besoin. Que ce soit pour se reposer ou pour d\u00e9couvrir la r\u00e9gion ce cocon douillet est le lieu id\u00e9al. Nous avons essay\u00e9 de penser \u00e0 tout pour votre s\u00e9jour.\" \/>\n<meta name=\"robots\" content=\"index, follow, max-snippet:-1, max-image-preview:large, max-video-preview:-1\" \/>\n<link rel=\"canonical\" href=\"https:\/\/www.labergerieduval.com\/index.php\/gite-depaysement-nature-et-confort\/\" \/>\n<meta property=\"og:locale\" content=\"fr_FR\" \/>\n<meta property=\"og:type\" content=\"article\" \/>\n<meta property=\"og:title\" content=\"Gite 85m2 Depaysement Nature et Confort -\" \/>\n<meta property=\"og:description\" content=\"Vous serez \u00e0 coup s\u00fbr s\u00e9duit par notre charmant g\u00eete de 85m2 enti\u00e8rement refait \u00e0 neuf pouvant accueillir 4 personnes. Id\u00e9alement situ\u00e9 en moyenne montagne \u00e0 950m d\u2019altitude. Vous trouverez \u00e0 7 kilom\u00e8tres dans la ville de La Motte-Chalancon, \u00a0tous les commerces et restaurants dont vous pouvez avoir besoin. Que ce soit pour se reposer ou pour d\u00e9couvrir la r\u00e9gion ce cocon douillet est le lieu id\u00e9al. Nous avons essay\u00e9 de penser \u00e0 tout pour votre s\u00e9jour.\" \/>\n<meta property=\"og:url\" content=\"https:\/\/www.labergerieduval.com\/index.php\/gite-depaysement-nature-et-confort\/\" \/>\n<meta property=\"article:publisher\" content=\"https:\/\/www.facebook.com\/labergerieduval\" \/>\n<meta property=\"article:modified_time\" content=\"2026-01-30T07:42:33+00:00\" \/>\n<meta property=\"og:image\" content=\"https:\/\/www.labergerieduval.com\/wp-content\/uploads\/2026\/01\/calendrier-2026-dispo-gite-scaled.jpg\" \/>\n<meta name=\"twitter:card\" content=\"summary_large_image\" \/>\n<meta name=\"twitter:label1\" content=\"Dur\u00e9e de lecture estim\u00e9e\" \/>\n\t<meta name=\"twitter:data1\" content=\"4 minutes\" \/>\n<script type=\"application\/ld+json\" class=\"yoast-schema-graph\">{\"@context\":\"https:\/\/schema.org\",\"@graph\":[{\"@type\":\"WebPage\",\"@id\":\"https:\/\/www.labergerieduval.com\/index.php\/gite-depaysement-nature-et-confort\/\",\"url\":\"https:\/\/www.labergerieduval.com\/index.php\/gite-depaysement-nature-et-confort\/\",\"name\":\"Gite 85m2 Depaysement Nature et Confort -\",\"isPartOf\":{\"@id\":\"https:\/\/www.labergerieduval.com\/#website\"},\"datePublished\":\"2022-12-08T15:51:41+00:00\",\"dateModified\":\"2026-01-30T07:42:33+00:00\",\"description\":\"Vous serez \u00e0 coup s\u00fbr s\u00e9duit par notre charmant g\u00eete de 85m2 enti\u00e8rement refait \u00e0 neuf pouvant accueillir 4 personnes. Id\u00e9alement situ\u00e9 en moyenne montagne \u00e0 950m d\u2019altitude. Vous trouverez \u00e0 7 kilom\u00e8tres dans la ville de La Motte-Chalancon, \u00a0tous les commerces et restaurants dont vous pouvez avoir besoin. Que ce soit pour se reposer ou pour d\u00e9couvrir la r\u00e9gion ce cocon douillet est le lieu id\u00e9al. Nous avons essay\u00e9 de penser \u00e0 tout pour votre s\u00e9jour.\",\"breadcrumb\":{\"@id\":\"https:\/\/www.labergerieduval.com\/index.php\/gite-depaysement-nature-et-confort\/#breadcrumb\"},\"inLanguage\":\"fr-FR\",\"potentialAction\":[{\"@type\":\"ReadAction\",\"target\":[\"https:\/\/www.labergerieduval.com\/index.php\/gite-depaysement-nature-et-confort\/\"]}]},{\"@type\":\"BreadcrumbList\",\"@id\":\"https:\/\/www.labergerieduval.com\/index.php\/gite-depaysement-nature-et-confort\/#breadcrumb\",\"itemListElement\":[{\"@type\":\"ListItem\",\"position\":1,\"name\":\"Accueil\",\"item\":\"https:\/\/www.labergerieduval.com\/\"},{\"@type\":\"ListItem\",\"position\":2,\"name\":\"Gite 85m2 Depaysement Nature et Confort\"}]},{\"@type\":\"WebSite\",\"@id\":\"https:\/\/www.labergerieduval.com\/#website\",\"url\":\"https:\/\/www.labergerieduval.com\/\",\"name\":\"La Bergerie du Val\",\"description\":\"\",\"publisher\":{\"@id\":\"https:\/\/www.labergerieduval.com\/#organization\"},\"potentialAction\":[{\"@type\":\"SearchAction\",\"target\":{\"@type\":\"EntryPoint\",\"urlTemplate\":\"https:\/\/www.labergerieduval.com\/?s={search_term_string}\"},\"query-input\":\"required name=search_term_string\"}],\"inLanguage\":\"fr-FR\"},{\"@type\":\"Organization\",\"@id\":\"https:\/\/www.labergerieduval.com\/#organization\",\"name\":\"La Bergerie du Val\",\"url\":\"https:\/\/www.labergerieduval.com\/\",\"logo\":{\"@type\":\"ImageObject\",\"inLanguage\":\"fr-FR\",\"@id\":\"https:\/\/www.labergerieduval.com\/#\/schema\/logo\/image\/\",\"url\":\"\",\"contentUrl\":\"\",\"caption\":\"La Bergerie du Val\"},\"image\":{\"@id\":\"https:\/\/www.labergerieduval.com\/#\/schema\/logo\/image\/\"},\"sameAs\":[\"https:\/\/www.facebook.com\/labergerieduval\"]}]}<\/script>\n<!-- \/ Yoast SEO plugin. -->","yoast_head_json":{"title":"Gite 85m2 Depaysement Nature et Confort -","description":"Vous serez \u00e0 coup s\u00fbr s\u00e9duit par notre charmant g\u00eete de 85m2 enti\u00e8rement refait \u00e0 neuf pouvant accueillir 4 personnes. Id\u00e9alement situ\u00e9 en moyenne montagne \u00e0 950m d\u2019altitude. Vous trouverez \u00e0 7 kilom\u00e8tres dans la ville de La Motte-Chalancon, \u00a0tous les commerces et restaurants dont vous pouvez avoir besoin. Que ce soit pour se reposer ou pour d\u00e9couvrir la r\u00e9gion ce cocon douillet est le lieu id\u00e9al. Nous avons essay\u00e9 de penser \u00e0 tout pour votre s\u00e9jour.","robots":{"index":"index","follow":"follow","max-snippet":"max-snippet:-1","max-image-preview":"max-image-preview:large","max-video-preview":"max-video-preview:-1"},"canonical":"https:\/\/www.labergerieduval.com\/index.php\/gite-depaysement-nature-et-confort\/","og_locale":"fr_FR","og_type":"article","og_title":"Gite 85m2 Depaysement Nature et Confort -","og_description":"Vous serez \u00e0 coup s\u00fbr s\u00e9duit par notre charmant g\u00eete de 85m2 enti\u00e8rement refait \u00e0 neuf pouvant accueillir 4 personnes. Id\u00e9alement situ\u00e9 en moyenne montagne \u00e0 950m d\u2019altitude. Vous trouverez \u00e0 7 kilom\u00e8tres dans la ville de La Motte-Chalancon, \u00a0tous les commerces et restaurants dont vous pouvez avoir besoin. Que ce soit pour se reposer ou pour d\u00e9couvrir la r\u00e9gion ce cocon douillet est le lieu id\u00e9al. Nous avons essay\u00e9 de penser \u00e0 tout pour votre s\u00e9jour.","og_url":"https:\/\/www.labergerieduval.com\/index.php\/gite-depaysement-nature-et-confort\/","article_publisher":"https:\/\/www.facebook.com\/labergerieduval","article_modified_time":"2026-01-30T07:42:33+00:00","og_image":[{"url":"https:\/\/www.labergerieduval.com\/wp-content\/uploads\/2026\/01\/calendrier-2026-dispo-gite-scaled.jpg"}],"twitter_card":"summary_large_image","twitter_misc":{"Dur\u00e9e de lecture estim\u00e9e":"4 minutes"},"schema":{"@context":"https:\/\/schema.org","@graph":[{"@type":"WebPage","@id":"https:\/\/www.labergerieduval.com\/index.php\/gite-depaysement-nature-et-confort\/","url":"https:\/\/www.labergerieduval.com\/index.php\/gite-depaysement-nature-et-confort\/","name":"Gite 85m2 Depaysement Nature et Confort -","isPartOf":{"@id":"https:\/\/www.labergerieduval.com\/#website"},"datePublished":"2022-12-08T15:51:41+00:00","dateModified":"2026-01-30T07:42:33+00:00","description":"Vous serez \u00e0 coup s\u00fbr s\u00e9duit par notre charmant g\u00eete de 85m2 enti\u00e8rement refait \u00e0 neuf pouvant accueillir 4 personnes. Id\u00e9alement situ\u00e9 en moyenne montagne \u00e0 950m d\u2019altitude. Vous trouverez \u00e0 7 kilom\u00e8tres dans la ville de La Motte-Chalancon, \u00a0tous les commerces et restaurants dont vous pouvez avoir besoin. Que ce soit pour se reposer ou pour d\u00e9couvrir la r\u00e9gion ce cocon douillet est le lieu id\u00e9al. Nous avons essay\u00e9 de penser \u00e0 tout pour votre s\u00e9jour.","breadcrumb":{"@id":"https:\/\/www.labergerieduval.com\/index.php\/gite-depaysement-nature-et-confort\/#breadcrumb"},"inLanguage":"fr-FR","potentialAction":[{"@type":"ReadAction","target":["https:\/\/www.labergerieduval.com\/index.php\/gite-depaysement-nature-et-confort\/"]}]},{"@type":"BreadcrumbList","@id":"https:\/\/www.labergerieduval.com\/index.php\/gite-depaysement-nature-et-confort\/#breadcrumb","itemListElement":[{"@type":"ListItem","position":1,"name":"Accueil","item":"https:\/\/www.labergerieduval.com\/"},{"@type":"ListItem","position":2,"name":"Gite 85m2 Depaysement Nature et Confort"}]},{"@type":"WebSite","@id":"https:\/\/www.labergerieduval.com\/#website","url":"https:\/\/www.labergerieduval.com\/","name":"La Bergerie du Val","description":"","publisher":{"@id":"https:\/\/www.labergerieduval.com\/#organization"},"potentialAction":[{"@type":"SearchAction","target":{"@type":"EntryPoint","urlTemplate":"https:\/\/www.labergerieduval.com\/?s={search_term_string}"},"query-input":"required name=search_term_string"}],"inLanguage":"fr-FR"},{"@type":"Organization","@id":"https:\/\/www.labergerieduval.com\/#organization","name":"La Bergerie du Val","url":"https:\/\/www.labergerieduval.com\/","logo":{"@type":"ImageObject","inLanguage":"fr-FR","@id":"https:\/\/www.labergerieduval.com\/#\/schema\/logo\/image\/","url":"","contentUrl":"","caption":"La Bergerie du Val"},"image":{"@id":"https:\/\/www.labergerieduval.com\/#\/schema\/logo\/image\/"},"sameAs":["https:\/\/www.facebook.com\/labergerieduval"]}]}},"_links":{"self":[{"href":"https:\/\/www.labergerieduval.com\/index.php\/wp-json\/wp\/v2\/pages\/504"}],"collection":[{"href":"https:\/\/www.labergerieduval.com\/index.php\/wp-json\/wp\/v2\/pages"}],"about":[{"href":"https:\/\/www.labergerieduval.com\/index.php\/wp-json\/wp\/v2\/types\/page"}],"author":[{"embeddable":true,"href":"https:\/\/www.labergerieduval.com\/index.php\/wp-json\/wp\/v2\/users\/1"}],"replies":[{"embeddable":true,"href":"https:\/\/www.labergerieduval.com\/index.php\/wp-json\/wp\/v2\/comments?post=504"}],"version-history":[{"count":15,"href":"https:\/\/www.labergerieduval.com\/index.php\/wp-json\/wp\/v2\/pages\/504\/revisions"}],"predecessor-version":[{"id":584,"href":"https:\/\/www.labergerieduval.com\/index.php\/wp-json\/wp\/v2\/pages\/504\/revisions\/584"}],"wp:attachment":[{"href":"https:\/\/www.labergerieduval.com\/index.php\/wp-json\/wp\/v2\/media?parent=504"}],"curies":[{"name":"wp","href":"https:\/\/api.w.org\/{rel}","templated":true}]}}